{"id":3328,"date":"2019-06-27T12:09:37","date_gmt":"2019-06-27T15:09:37","guid":{"rendered":"http:\/\/brookside.artstudioworks.net\/?page_id=133"},"modified":"2023-06-27T02:10:11","modified_gmt":"2023-06-27T05:10:11","slug":"inicio","status":"publish","type":"page","link":"https:\/\/diegomarroni.com.br\/blog\/","title":{"rendered":"Estilo Magazine"},"content":{"rendered":"<div class=\"wpb-content-wrapper\">[vc_row][vc_column][vc_column_text]<div id=\"latest-posts\"><div id=\"blog-posts-1\" class=\"row-fluid blog-posts\"><div class=\"nested-block odd\"><article class=\"post-item-1 post-featured-style4 post-size style_6 4063 post-4063 post type-post status-publish format-standard has-post-thumbnail hentry category-mainstream tag-alergista tag-diego-marroni tag-especialista-em-alergia tag-porto-alegre post\"><div class=\"post-content-container textleft\"><div class=\"post-content\"><div class=\"post-img-block\"><figure class=\"post-img\"><a href=\"https:\/\/diegomarroni.com.br\/blog\/consultas-online-disponiveis\/\" rel=\"bookmark\"><img loading=\"lazy\" decoding=\"async\" width=\"825\" height=\"550\" src=\"https:\/\/diegomarroni.com.br\/blog\/wp-content\/uploads\/DR_DIEGO_MARRONI-3-scaled.jpg\" class=\"attachment-post-thumbnail size-post-thumbnail wp-post-image\" alt=\"\" srcset=\"https:\/\/diegomarroni.com.br\/blog\/wp-content\/uploads\/DR_DIEGO_MARRONI-3-scaled.jpg 2560w, https:\/\/diegomarroni.com.br\/blog\/wp-content\/uploads\/DR_DIEGO_MARRONI-3-768x512.jpg 768w, https:\/\/diegomarroni.com.br\/blog\/wp-content\/uploads\/DR_DIEGO_MARRONI-3-1536x1024.jpg 1536w\" sizes=\"auto, (max-width: 825px) 100vw, 825px\" \/><\/a><\/figure><div class=\"meta-over-img\"><header class=\"title\"><h2><a href=\"https:\/\/diegomarroni.com.br\/blog\/consultas-online-disponiveis\/\" title=\"Permalink to Telemedicina em Alergia: Consultas Online com Dr. Diego Marroni Dispon\u00edveis para Todo o Brasil\" rel=\"bookmark\">Telemedicina em Alergia: Consultas Online com Dr. Diego Marroni Dispon\u00edveis para Todo o Brasil<\/a><\/h2><div class=\"meta-info\"><div class=\"meta-categories\"><a href=\"https:\/\/diegomarroni.com.br\/blog\/category\/mainstream\/\" rel=\"category tag\">Mainstream<\/a><\/div><div class=\"meta-date\"><span>X<\/span>26\/06\/2024<\/div><\/div><\/header><\/div><\/div><\/div><\/div><\/article><article class=\"post-size post-item-2 style_6 3983 post-3983 post type-post status-publish format-standard has-post-thumbnail hentry category-mainstream tag-alergista tag-diego-marroni tag-especialista-em-alergia tag-porto-alegre post\"><div class=\"post-content-container textleft\"><div class=\"post-img-block\"><figure class=\"post-img\"><a href=\"https:\/\/diegomarroni.com.br\/blog\/nosso-legado\/\" rel=\"bookmark\"><img loading=\"lazy\" decoding=\"async\" width=\"570\" height=\"468\" src=\"https:\/\/diegomarroni.com.br\/blog\/wp-content\/uploads\/DR_DIEGO_MARRONI-2-570x468.jpg\" class=\"attachment-medium size-medium wp-post-image\" alt=\"\" \/><\/a><\/figure><\/div><div class=\"post-content-block\"><header class=\"title\"><h2><a href=\"https:\/\/diegomarroni.com.br\/blog\/nosso-legado\/\" title=\"Permalink to Nosso Legado de 40 Anos em Porto Alegre: Revolucionando o Tratamento de Alergia\" rel=\"bookmark\">Nosso Legado de 40 Anos em Porto Alegre: Revolucionando o Tratamento de Alergia<\/a><\/h2><div class=\"meta-info\"><div class=\"meta-categories\"><a href=\"https:\/\/diegomarroni.com.br\/blog\/category\/mainstream\/\" rel=\"category tag\">Mainstream<\/a><\/div><div class=\"meta-date\"><span>X<\/span>27\/06\/2023<\/div><\/div><\/header><div class=\"post-content\"><div class=\"post-excerpt\">Refer\u00eancia em Alergia em Porto Alegre h\u00e1 mais de 40\n<\/div><div class=\"post-more\"><a href=\"https:\/\/diegomarroni.com.br\/blog\/nosso-legado\/\" rel=\"bookmark\">Ver post<i class=\"la la-arrow-right\"><\/i><\/a><\/div><\/div><\/div><\/div><\/article><article class=\"post-size post-item-3 style_6 3997 post-3997 post type-post status-publish format-standard has-post-thumbnail hentry category-dermatite-atopica category-dermatite-de-contato category-mainstream category-prick-test category-testes-cutaneos category-urticaria-dermografrismo category-xerodermia-pele-seca tag-alergias-alimentares tag-asma tag-causa-das-alergias tag-dermatite-atopica tag-diego-marroni tag-doencas-alergicas tag-especialista-em-alergia tag-porto-alegre tag-prick-test tag-qualidade-de-vida tag-rinite tag-saude-da-pele tag-teste-de-contato tag-testes-cutaneos tag-tratamento-alergico post\"><div class=\"post-content-container textleft\"><div class=\"post-img-block\"><figure class=\"post-img\"><a href=\"https:\/\/diegomarroni.com.br\/blog\/testes-cutaneos\/\" rel=\"bookmark\"><img loading=\"lazy\" decoding=\"async\" width=\"570\" height=\"468\" src=\"https:\/\/diegomarroni.com.br\/blog\/wp-content\/uploads\/DR_DIEGO_MARRONI-9-570x468.jpg\" class=\"attachment-medium size-medium wp-post-image\" alt=\"\" \/><\/a><\/figure><\/div><div class=\"post-content-block\"><header class=\"title\"><h2><a href=\"https:\/\/diegomarroni.com.br\/blog\/testes-cutaneos\/\" title=\"Permalink to Testes Cut\u00e2neos: A Chave para mudar sua vida contra doen\u00e7as al\u00e9rgicas\" rel=\"bookmark\">Testes Cut\u00e2neos: A Chave para mudar sua vida contra doen\u00e7as al\u00e9rgicas<\/a><\/h2><div class=\"meta-info\"><div class=\"meta-categories\"><a href=\"https:\/\/diegomarroni.com.br\/blog\/category\/dermatite-atopica\/\" rel=\"category tag\">Dermatite At\u00f3pica<\/a>, <a href=\"https:\/\/diegomarroni.com.br\/blog\/category\/dermatite-de-contato\/\" rel=\"category tag\">Dermatite de Contato<\/a>, <a href=\"https:\/\/diegomarroni.com.br\/blog\/category\/mainstream\/\" rel=\"category tag\">Mainstream<\/a>, <a href=\"https:\/\/diegomarroni.com.br\/blog\/category\/prick-test\/\" rel=\"category tag\">Prick Test<\/a>, <a href=\"https:\/\/diegomarroni.com.br\/blog\/category\/testes-cutaneos\/\" rel=\"category tag\">Testes Cut\u00e2neos<\/a>, <a href=\"https:\/\/diegomarroni.com.br\/blog\/category\/urticaria-dermografrismo\/\" rel=\"category tag\">Urtic\u00e1ria (Dermografrismo)<\/a>, <a href=\"https:\/\/diegomarroni.com.br\/blog\/category\/xerodermia-pele-seca\/\" rel=\"category tag\">Xerodermia (Pele seca)<\/a><\/div><div class=\"meta-date\"><span>X<\/span>27\/06\/2023<\/div><\/div><\/header><div class=\"post-content\"><div class=\"post-excerpt\">A grande arte do Alergista \u00e9 descobrir a causa das\n<\/div><div class=\"post-more\"><a href=\"https:\/\/diegomarroni.com.br\/blog\/testes-cutaneos\/\" rel=\"bookmark\">Ver post<i class=\"la la-arrow-right\"><\/i><\/a><\/div><\/div><\/div><\/div><\/article><\/div><div class=\"nested-block even\"><article class=\"post-size post-item-1 style_6 4003 post-4003 post type-post status-publish format-standard has-post-thumbnail hentry category-alergias-respiratorias category-reacoes-alergicas tag-adrenalina-intramuscular tag-alergia-alimentar tag-anafilaxia tag-causa-da-anafilaxia tag-choque-anafilatico tag-conscientizacao-sobre-anafilaxia tag-diego-marroni tag-especialista-em-alergia tag-picada-de-inseto tag-porto-alegre tag-qualidade-de-vida tag-reacao-a-frutos-do-mar tag-reacao-a-mariscos tag-reacao-alergica-grave tag-sintomas-de-anafilaxia tag-tratamento-de-emergencia post\"><div class=\"post-content-container textleft\"><div class=\"post-img-block\"><figure class=\"post-img\"><a href=\"https:\/\/diegomarroni.com.br\/blog\/anafilaxia-entenda-e-saiba-agir\/\" rel=\"bookmark\"><img loading=\"lazy\" decoding=\"async\" width=\"570\" height=\"468\" src=\"https:\/\/diegomarroni.com.br\/blog\/wp-content\/uploads\/Anafilaxia_TH-570x468.jpeg\" class=\"attachment-medium size-medium wp-post-image\" alt=\"\" \/><\/a><\/figure><\/div><div class=\"post-content-block\"><header class=\"title\"><h2><a href=\"https:\/\/diegomarroni.com.br\/blog\/anafilaxia-entenda-e-saiba-agir\/\" title=\"Permalink to Anafilaxia: Entenda e Saiba Agir Diante dessa Rea\u00e7\u00e3o Grave\" rel=\"bookmark\">Anafilaxia: Entenda e Saiba Agir Diante dessa Rea\u00e7\u00e3o Grave<\/a><\/h2><div class=\"meta-info\"><div class=\"meta-categories\"><a href=\"https:\/\/diegomarroni.com.br\/blog\/category\/alergias-respiratorias\/\" rel=\"category tag\">Alergias Respirat\u00f3rias<\/a>, <a href=\"https:\/\/diegomarroni.com.br\/blog\/category\/reacoes-alergicas\/\" rel=\"category tag\">Rea\u00e7\u00f5es Al\u00e9rgicas<\/a><\/div><div class=\"meta-date\"><span>X<\/span>27\/06\/2023<\/div><\/div><\/header><div class=\"post-content\"><div class=\"post-excerpt\">Anafilaxia: Uma Rea\u00e7\u00e3o Sist\u00eamica e Potencialmente Fatal A anafilaxia \u00e9\n<\/div><div class=\"post-more\"><a href=\"https:\/\/diegomarroni.com.br\/blog\/anafilaxia-entenda-e-saiba-agir\/\" rel=\"bookmark\">Ver post<i class=\"la la-arrow-right\"><\/i><\/a><\/div><\/div><\/div><\/div><\/article><article class=\"post-size post-item-2 style_6 4010 post-4010 post type-post status-publish format-standard has-post-thumbnail hentry category-imunoterapia category-procedimentos category-reacoes-alergicas tag-ansiedade tag-depressao tag-dermatite-atopica tag-diego-marroni tag-doencas-alergicas tag-especialista-em-alergia tag-gerenciamento-emocional tag-porto-alegre tag-reacoes-alergicas post\"><div class=\"post-content-container textleft\"><div class=\"post-img-block\"><figure class=\"post-img\"><a href=\"https:\/\/diegomarroni.com.br\/blog\/relacao-depressao-ansiedade-alergia\/\" rel=\"bookmark\"><img loading=\"lazy\" decoding=\"async\" width=\"570\" height=\"468\" src=\"https:\/\/diegomarroni.com.br\/blog\/wp-content\/uploads\/depressao_estresse_e_alergia_th-570x468.jpg\" class=\"attachment-medium size-medium wp-post-image\" alt=\"\" \/><\/a><\/figure><\/div><div class=\"post-content-block\"><header class=\"title\"><h2><a href=\"https:\/\/diegomarroni.com.br\/blog\/relacao-depressao-ansiedade-alergia\/\" title=\"Permalink to O Impacto da Depress\u00e3o e Ansiedade nas Doen\u00e7as Al\u00e9rgicas\" rel=\"bookmark\">O Impacto da Depress\u00e3o e Ansiedade nas Doen\u00e7as Al\u00e9rgicas<\/a><\/h2><div class=\"meta-info\"><div class=\"meta-categories\"><a href=\"https:\/\/diegomarroni.com.br\/blog\/category\/imunoterapia\/\" rel=\"category tag\">Imunoterapia<\/a>, <a href=\"https:\/\/diegomarroni.com.br\/blog\/category\/procedimentos\/\" rel=\"category tag\">Procedimentos<\/a>, <a href=\"https:\/\/diegomarroni.com.br\/blog\/category\/reacoes-alergicas\/\" rel=\"category tag\">Rea\u00e7\u00f5es Al\u00e9rgicas<\/a><\/div><div class=\"meta-date\"><span>X<\/span>27\/06\/2023<\/div><\/div><\/header><div class=\"post-content\"><div class=\"post-excerpt\">Depress\u00e3o e ansiedade n\u00e3o s\u00e3o frescura e sua neglig\u00eancia pode\n<\/div><div class=\"post-more\"><a href=\"https:\/\/diegomarroni.com.br\/blog\/relacao-depressao-ansiedade-alergia\/\" rel=\"bookmark\">Ver post<i class=\"la la-arrow-right\"><\/i><\/a><\/div><\/div><\/div><\/div><\/article><article class=\"post-item-3 post-featured-style4 post-size style_6 4019 post-4019 post type-post status-publish format-standard has-post-thumbnail hentry category-disidrose category-procedimentos category-reacoes-alergicas category-testes-cutaneos tag-alergia tag-alteracoes-do-sistema-imunologico tag-atopia tag-comprometimento-estetico tag-dermatite-de-contato-alergica tag-dermatose-bolhosa tag-desconforto tag-diego-marroni tag-disidrose tag-doencas-alergicas tag-especialista-em-alergia tag-maos tag-pes tag-porto-alegre tag-qualidade-de-vida tag-solucoes tag-terapias tag-tratamento post\"><div class=\"post-content-container textleft\"><div class=\"post-content\"><div class=\"post-img-block\"><figure class=\"post-img\"><a href=\"https:\/\/diegomarroni.com.br\/blog\/disidrose-saiba-mais\/\" rel=\"bookmark\"><img loading=\"lazy\" decoding=\"async\" width=\"845\" height=\"498\" src=\"https:\/\/diegomarroni.com.br\/blog\/wp-content\/uploads\/disidrose_th-1170x690.jpeg\" class=\"attachment-large size-large wp-post-image\" alt=\"\" \/><\/a><\/figure><div class=\"meta-over-img\"><header class=\"title\"><h2><a href=\"https:\/\/diegomarroni.com.br\/blog\/disidrose-saiba-mais\/\" title=\"Permalink to Disidrose: Entenda a Dermatose Bolhosa que Afeta M\u00e3os e P\u00e9s\" rel=\"bookmark\">Disidrose: Entenda a Dermatose Bolhosa que Afeta M\u00e3os e P\u00e9s<\/a><\/h2><div class=\"meta-info\"><div class=\"meta-categories\"><a href=\"https:\/\/diegomarroni.com.br\/blog\/category\/disidrose\/\" rel=\"category tag\">Disidrose<\/a>, <a href=\"https:\/\/diegomarroni.com.br\/blog\/category\/procedimentos\/\" rel=\"category tag\">Procedimentos<\/a>, <a href=\"https:\/\/diegomarroni.com.br\/blog\/category\/reacoes-alergicas\/\" rel=\"category tag\">Rea\u00e7\u00f5es Al\u00e9rgicas<\/a>, <a href=\"https:\/\/diegomarroni.com.br\/blog\/category\/testes-cutaneos\/\" rel=\"category tag\">Testes Cut\u00e2neos<\/a><\/div><div class=\"meta-date\"><span>X<\/span>27\/06\/2023<\/div><\/div><\/header><\/div><\/div><\/div><\/div><\/article><\/div><\/div><div id=\"pagination\" class=\"hide pagination-1\"><a href=\"https:\/\/diegomarroni.com.br\/blog\/wp-json\/wp\/v2\/pages\/3328\/page\/2\/\" class=\"next\">Pr\u00f3xima p\u00e1gina &raquo;<\/a><\/div><div class=\"loadmore-container\"><a href=\"#\" class=\"loadmore button\"><span>Carregar Mais<\/span><\/a><\/div><\/div>[\/vc_column_text][\/vc_column][\/vc_row]<\/div>","protected":false},"excerpt":{"rendered":"<p>[vc_row][vc_column][vc_column_text][\/vc_column_text][\/vc_column][\/vc_row]<\/p>\n","protected":false},"author":1,"featured_media":0,"parent":0,"menu_order":0,"comment_status":"closed","ping_status":"closed","template":"page-fullwidth.php","meta":{"footnotes":""},"class_list":["post-3328","page","type-page","status-publish","hentry"],"_links":{"self":[{"href":"https:\/\/diegomarroni.com.br\/blog\/wp-json\/wp\/v2\/pages\/3328","targetHints":{"allow":["GET"]}}],"collection":[{"href":"https:\/\/diegomarroni.com.br\/blog\/wp-json\/wp\/v2\/pages"}],"about":[{"href":"https:\/\/diegomarroni.com.br\/blog\/wp-json\/wp\/v2\/types\/page"}],"author":[{"embeddable":true,"href":"https:\/\/diegomarroni.com.br\/blog\/wp-json\/wp\/v2\/users\/1"}],"replies":[{"embeddable":true,"href":"https:\/\/diegomarroni.com.br\/blog\/wp-json\/wp\/v2\/comments?post=3328"}],"version-history":[{"count":1,"href":"https:\/\/diegomarroni.com.br\/blog\/wp-json\/wp\/v2\/pages\/3328\/revisions"}],"predecessor-version":[{"id":4060,"href":"https:\/\/diegomarroni.com.br\/blog\/wp-json\/wp\/v2\/pages\/3328\/revisions\/4060"}],"wp:attachment":[{"href":"https:\/\/diegomarroni.com.br\/blog\/wp-json\/wp\/v2\/media?parent=3328"}],"curies":[{"name":"wp","href":"https:\/\/api.w.org\/{rel}","templated":true}]}}